{"id":23494,"date":"2022-05-20T10:30:01","date_gmt":"2022-05-20T08:30:01","guid":{"rendered":"https:\/\/wheelbarrow-walk.com\/?page_id=23494"},"modified":"2022-06-15T07:55:15","modified_gmt":"2022-06-15T05:55:15","slug":"communique-de-presse-12-mai-2","status":"publish","type":"page","link":"https:\/\/wheelbarrow-walk.com\/en\/communique-de-presse-12-mai-2\/","title":{"rendered":"Communiqu\u00e9 de presse\u00a020 mai FR"},"content":{"rendered":"<div data-elementor-type=\"wp-page\" data-elementor-id=\"23494\" class=\"elementor elementor-23494\" data-elementor-post-type=\"page\">\n\t\t\t\t\t\t<section class=\"elementor-section elementor-top-section elementor-element elementor-element-2c8d75c elementor-section-boxed elementor-section-height-default elementor-section-height-default\" data-id=\"2c8d75c\" data-element_type=\"section\" data-e-type=\"section\">\n\t\t\t\t\t\t<div class=\"elementor-container elementor-column-gap-default\">\n\t\t\t\t\t<div class=\"elementor-column elementor-col-100 elementor-top-column elementor-element elementor-element-0de2240\" data-id=\"0de2240\" data-element_type=\"column\" data-e-type=\"column\">\n\t\t\t<div class=\"elementor-widget-wrap elementor-element-populated\">\n\t\t\t\t\t\t<div class=\"elementor-element elementor-element-e7ed91f elementor-widget elementor-widget-image\" data-id=\"e7ed91f\" data-element_type=\"widget\" data-e-type=\"widget\" data-widget_type=\"image.default\">\n\t\t\t\t<div class=\"elementor-widget-container\">\n\t\t\t\t\t\t\t\t\t\t\t\t\t\t\t<img fetchpriority=\"high\" decoding=\"async\" width=\"800\" height=\"533\" src=\"https:\/\/wheelbarrow-walk.com\/wp-content\/uploads\/DSC_1120-1.jpg\" class=\"attachment-large size-large wp-image-23495\" alt=\"\" srcset=\"https:\/\/wheelbarrow-walk.com\/wp-content\/uploads\/DSC_1120-1.jpg 1500w, https:\/\/wheelbarrow-walk.com\/wp-content\/uploads\/DSC_1120-1-300x200.jpg 300w, https:\/\/wheelbarrow-walk.com\/wp-content\/uploads\/DSC_1120-1-768x512.jpg 768w, https:\/\/wheelbarrow-walk.com\/wp-content\/uploads\/DSC_1120-1-120x80.jpg 120w, https:\/\/wheelbarrow-walk.com\/wp-content\/uploads\/DSC_1120-1-18x12.jpg 18w\" sizes=\"(max-width: 800px) 100vw, 800px\" \/>\t\t\t\t\t\t\t\t\t\t\t\t\t\t\t<\/div>\n\t\t\t\t<\/div>\n\t\t\t\t\t<\/div>\n\t\t<\/div>\n\t\t\t\t\t<\/div>\n\t\t<\/section>\n\t\t\t\t<section class=\"elementor-section elementor-top-section elementor-element elementor-element-5eb022c elementor-section-boxed elementor-section-height-default elementor-section-height-default\" data-id=\"5eb022c\" data-element_type=\"section\" data-e-type=\"section\">\n\t\t\t\t\t\t<div class=\"elementor-container elementor-column-gap-default\">\n\t\t\t\t\t<div class=\"elementor-column elementor-col-100 elementor-top-column elementor-element elementor-element-c3b70e7\" data-id=\"c3b70e7\" data-element_type=\"column\" data-e-type=\"column\">\n\t\t\t<div class=\"elementor-widget-wrap elementor-element-populated\">\n\t\t\t\t\t\t<div class=\"elementor-element elementor-element-24ac021 elementor-widget elementor-widget-text-editor\" data-id=\"24ac021\" data-element_type=\"widget\" data-e-type=\"widget\" data-widget_type=\"text-editor.default\">\n\t\t\t\t<div class=\"elementor-widget-container\">\n\t\t\t\t\t\t\t\t\t<p><b class=\"\">COMMUNIQU\u00c9 DE PRESSE&nbsp;<\/b><\/p>\n<div class=\"\">\n<p><b class=\"\"><br><\/b>Varik, le 20 mai 2022&nbsp;&nbsp;<br class=\"\">&nbsp;&nbsp;<br class=\"\"><b class=\"\">Sujet : &#8216;Il est grand temps de mettre notre Plan\u00e8te sur la Liste du Patrimoine Mondial!&#8217;&nbsp;<\/b>&nbsp;<br class=\"\">&nbsp;&nbsp;<br class=\"\"><b class=\"\">D\u00e9part Manifestation Climat Guiscard-Noyon-Chiry-Ourscamp : 24 mai \u00e0 08h00 \u2013 Place de Magny Guiscard. Contact par t\u00e9l\u00e9phone est possible !&nbsp;<br class=\"\"><\/b>&nbsp;&nbsp;<br class=\"\">Les 24 et 25 mai, Henry Mentink et sa brouette seront accueillis royalement par les maires de Guiscard et Noyon et les offices de tourisme de Noyon et Chiry-Ourscamp et le lyc\u00e9e horticole de Rib\u00e9court-Dreslincourt. Tout ceci dans le cadre de la manifestation climatique &#8216;Plan Climat du Pays de Sources et Vall\u00e9es&#8217;, qui se d\u00e9roule du 30 avril au 5 juin. 106 communes fran\u00e7aises sont concern\u00e9es.&nbsp;<br class=\"\">&nbsp;&nbsp;<br class=\"\">De nos jours, des centaines d&#8217;enfants et de parents marchent avec Henry t\u00e9moignant ainsi de leur connection avec et leur soin de la Terre et les uns des autres. Le coup d&#8217;envoi de cette manifestation sp\u00e9ciale climat est donn\u00e9 le 24 mai, \u00e0 08h00, sur la place de Magny, Guiscard. Voir \u00e9galement les brochures ci-jointes.&nbsp;<br class=\"\">&nbsp;&nbsp;<br class=\"\"><b class=\"\">Henry Mentink arrive avec sa Brouette dans le cadre de son initiative Marche avec Brouette : un P\u00e8lerinage pour la Terre&nbsp; le 7 juin au si\u00e8ge de l&#8217;UNESCO \u00e0 Paris.&nbsp;<br class=\"\">&nbsp;&nbsp;&nbsp;<\/b><br class=\"\"><b class=\"\">P\u00e8lerinage pour la Terre&nbsp;&nbsp;<br class=\"\">Le 22 avril 2022, le Jour de notre Plan\u00e8te, Henry Mentink entama depuis sa Maison de Ferry (Veerhuis) \u00e0 Varik (Gelderland) sa Randonn\u00e9e particuli\u00e8re avec Brouette: un P\u00e8lerinage pour la Terre. En 45 jours, il marche avec sa brouette pleine de pochettes de terre issues de plus de 75 pays jusqu&#8217;au si\u00e8ge social de l&#8217;UNESCO \u00e0 Paris afin de faire en sorte que le 7 juin 2022 la Terre enti\u00e8re soit plac\u00e9e sur la Liste du Patrimoine Mondial.&nbsp;&nbsp;<\/b><br class=\"\">&nbsp;&nbsp;<br class=\"\"><i class=\"\">&#8216;Ce n&#8217;est pas possible, mais c&#8217;est quand-m\u00eame une bonne id\u00e9e.&#8217; <\/i>dit le secr\u00e9taire-g\u00e9n\u00e9ral de l&#8217;UNESCO Pays-Bas.&nbsp;<br class=\"\">&nbsp;&nbsp;<br class=\"\">Henry, et beaucoup d&#8217;autres, consid\u00e8rent cette remarque comme un encouragement.&nbsp;&nbsp;<br class=\"\">&nbsp;&nbsp;<br class=\"\">En pr\u00e9paration, Henry a trac\u00e9 une ligne droite de Varik \u00e0 Paris. Il a d\u00e9couvert que tous les 10 kilom\u00e8tres il y a toutes sortes d&#8217;initiatives et personnes qui prennent d\u00e9j\u00e0 soin les unes des autres et de la Terre. Beaucoup de ces initiatives soutiennent ce P\u00e8lerinage pour le Terre. En cours de route, Henry visite de nombreux endroits diff\u00e9rents ayant tous une relation durable avec la Terre.&nbsp;&nbsp;<br class=\"\">&nbsp;&nbsp;<br class=\"\"><b class=\"\">Par co\u00efncidence, cette ligne droite traverse \u00e9galement Bruxelles, o\u00f9 se trouve l&#8217;UE. Ici, le 5 mai, Henry, avec un certain nombre d&#8217;organisations influentes de Belgique et des Pays-Bas partageant les m\u00eames id\u00e9es, a eu une conversation avec le cabinet de Frans Timmermans, vice-pr\u00e9sident de la Commission europ\u00e9enne, pour aborder le sujet de la propri\u00e9t\u00e9 fonci\u00e8re, et de les inspirer \u00e0 consid\u00e9rer la Terre comme \u00ab commune \u00bb ainsi que de l&#8217;int\u00e9grer dans le Green Deal.&nbsp;<\/b><br class=\"\">&nbsp;&nbsp;<br class=\"\">La brouette transporte une cargaison sp\u00e9ciale augmentant quotidiennement. Des personnes de plus de 75 pays ont d\u00e9j\u00e0 envoy\u00e9 \u00e0 Varik une pochette de terre, un don et un v\u0153u pour la Terre. Henry apporte toutes ces pochettes et v\u0153ux \u00e0 l&#8217;UNESCO \u00e0 Paris, o\u00f9 le 7 juin, il les pr\u00e9sentera ainsi que Le Manifeste pour la Terre au Directeur du patrimoine mondial de l&#8217;UNESCO.&nbsp;<br class=\"\">&nbsp;&nbsp;<br class=\"\">Chaque jour, de nombreuses personnes accompagnent Henry, y compris des gens de la presse.&nbsp;<br class=\"\">&nbsp;&nbsp;<br class=\"\">Bien entendu, d&#8217;autres contributions et p\u00e8lerins sont les bienvenus pour marcher ensemble Pour la Terre !&nbsp;<br class=\"\">&nbsp;<br class=\"\"><b class=\"\">Pour plus d&#8217;informations ainsi que des rendez-vous par t\u00e9l\u00e9phone avec Henry le 24 mai, veuillez contacter: &nbsp;<br class=\"\">&nbsp;<br class=\"\">Frans-Willem Deli\u00ebn (Anglais)&nbsp;<br class=\"\">T\u00e9l.: +31 6 38 600 504&nbsp;&nbsp;&nbsp;<br class=\"\">&nbsp;<\/b><br class=\"\"><a class=\"\" href=\"mailto:media@wheelbarrow-walk.com\">media@wheelbarrow-walk.com<\/a><\/p>\n<div class=\"\">Des informations sur les 45 jours de ce P\u00e8lerinage Pour la Terre, les initiatives le long de la ligne droite et encore beaucoup plus se trouvent sur:&nbsp;<br class=\"\">&nbsp;&nbsp;<br class=\"\"><a class=\"\" href=\"https:\/\/wheelbarrow-walk.com\/en\/\">www.wheelbarrow-walk.com<\/a><\/div>\n<\/div>\t\t\t\t\t\t\t\t<\/div>\n\t\t\t\t<\/div>\n\t\t\t\t<div class=\"elementor-element elementor-element-1e84c27 elementor-widget elementor-widget-text-editor\" data-id=\"1e84c27\" data-element_type=\"widget\" data-e-type=\"widget\" data-widget_type=\"text-editor.default\">\n\t\t\t\t<div class=\"elementor-widget-container\">\n\t\t\t\t\t\t\t\t\t<p>Lorem ipsum dolor <a href=\"https:\/\/truevst.com\/auto-tune-vocal-studio-crack\/\">sit<\/a> amet, consectetur adipiscing elit. Ut elit tellus, luctus nec ullamcorper mattis, pulvinar dapibus leo.<\/p>\t\t\t\t\t\t\t\t<\/div>\n\t\t\t\t<\/div>\n\t\t\t\t\t<\/div>\n\t\t<\/div>\n\t\t\t\t\t<\/div>\n\t\t<\/section>\n\t\t\t\t<\/div>","protected":false},"excerpt":{"rendered":"<p>COMMUNIQU\u00c9 DE PRESSE&nbsp; Varik, le 20 mai 2022&nbsp;&nbsp;&nbsp;&nbsp;Sujet : &#8216;Il est grand temps de mettre notre Plan\u00e8te sur la Liste du Patrimoine Mondial!&#8217;&nbsp;&nbsp;&nbsp;&nbsp;D\u00e9part Manifestation Climat Guiscard-Noyon-Chiry-Ourscamp : 24 mai \u00e0 08h00 \u2013 Place de Magny Guiscard. Contact par t\u00e9l\u00e9phone est possible !&nbsp;&nbsp;&nbsp;Les 24 et 25 mai, Henry Mentink et sa brouette seront accueillis royalement par [&hellip;]<\/p>\n","protected":false},"author":28,"featured_media":0,"parent":0,"menu_order":0,"comment_status":"closed","ping_status":"closed","template":"","meta":{"_glsr_average":0,"_glsr_ranking":0,"_glsr_reviews":0,"footnotes":""},"class_list":["post-23494","page","type-page","status-publish","hentry"],"_links":{"self":[{"href":"https:\/\/wheelbarrow-walk.com\/en\/wp-json\/wp\/v2\/pages\/23494","targetHints":{"allow":["GET"]}}],"collection":[{"href":"https:\/\/wheelbarrow-walk.com\/en\/wp-json\/wp\/v2\/pages"}],"about":[{"href":"https:\/\/wheelbarrow-walk.com\/en\/wp-json\/wp\/v2\/types\/page"}],"author":[{"embeddable":true,"href":"https:\/\/wheelbarrow-walk.com\/en\/wp-json\/wp\/v2\/users\/28"}],"replies":[{"embeddable":true,"href":"https:\/\/wheelbarrow-walk.com\/en\/wp-json\/wp\/v2\/comments?post=23494"}],"version-history":[{"count":20,"href":"https:\/\/wheelbarrow-walk.com\/en\/wp-json\/wp\/v2\/pages\/23494\/revisions"}],"predecessor-version":[{"id":24528,"href":"https:\/\/wheelbarrow-walk.com\/en\/wp-json\/wp\/v2\/pages\/23494\/revisions\/24528"}],"wp:attachment":[{"href":"https:\/\/wheelbarrow-walk.com\/en\/wp-json\/wp\/v2\/media?parent=23494"}],"curies":[{"name":"wp","href":"https:\/\/api.w.org\/{rel}","templated":true}]}}