{"id":22792,"date":"2022-05-11T18:42:41","date_gmt":"2022-05-11T16:42:41","guid":{"rendered":"https:\/\/wheelbarrow-walk.com\/?page_id=22792"},"modified":"2022-06-15T07:52:31","modified_gmt":"2022-06-15T05:52:31","slug":"communique-de-presse-2-mai-fr","status":"publish","type":"page","link":"https:\/\/wheelbarrow-walk.com\/en\/communique-de-presse-2-mai-fr\/","title":{"rendered":"Communiqu\u00e9 de presse\u00a02 mai FR"},"content":{"rendered":"<div data-elementor-type=\"wp-page\" data-elementor-id=\"22792\" class=\"elementor elementor-22792\" data-elementor-post-type=\"page\">\n\t\t\t\t\t\t<section class=\"elementor-section elementor-top-section elementor-element elementor-element-847f5aa elementor-section-boxed elementor-section-height-default elementor-section-height-default\" data-id=\"847f5aa\" data-element_type=\"section\" data-e-type=\"section\">\n\t\t\t\t\t\t<div class=\"elementor-container elementor-column-gap-default\">\n\t\t\t\t\t<div class=\"elementor-column elementor-col-100 elementor-top-column elementor-element elementor-element-68eade2\" data-id=\"68eade2\" data-element_type=\"column\" data-e-type=\"column\">\n\t\t\t<div class=\"elementor-widget-wrap elementor-element-populated\">\n\t\t\t\t\t\t<div class=\"elementor-element elementor-element-aa09c01 elementor-widget elementor-widget-image\" data-id=\"aa09c01\" data-element_type=\"widget\" data-e-type=\"widget\" data-widget_type=\"image.default\">\n\t\t\t\t<div class=\"elementor-widget-container\">\n\t\t\t\t\t\t\t\t\t\t\t\t\t\t\t<img fetchpriority=\"high\" decoding=\"async\" width=\"800\" height=\"600\" src=\"https:\/\/wheelbarrow-walk.com\/wp-content\/uploads\/IMG_6679-min-1600x1200.jpeg\" class=\"attachment-large size-large wp-image-22543\" alt=\"\" srcset=\"https:\/\/wheelbarrow-walk.com\/wp-content\/uploads\/IMG_6679-min-1600x1200.jpeg 1600w, https:\/\/wheelbarrow-walk.com\/wp-content\/uploads\/IMG_6679-min-300x225.jpeg 300w, https:\/\/wheelbarrow-walk.com\/wp-content\/uploads\/IMG_6679-min-768x576.jpeg 768w, https:\/\/wheelbarrow-walk.com\/wp-content\/uploads\/IMG_6679-min-1536x1152.jpeg 1536w, https:\/\/wheelbarrow-walk.com\/wp-content\/uploads\/IMG_6679-min-2048x1536.jpeg 2048w, https:\/\/wheelbarrow-walk.com\/wp-content\/uploads\/IMG_6679-min-16x12.jpeg 16w\" sizes=\"(max-width: 800px) 100vw, 800px\" \/>\t\t\t\t\t\t\t\t\t\t\t\t\t\t\t<\/div>\n\t\t\t\t<\/div>\n\t\t\t\t\t<\/div>\n\t\t<\/div>\n\t\t\t\t\t<\/div>\n\t\t<\/section>\n\t\t\t\t<section class=\"elementor-section elementor-top-section elementor-element elementor-element-74a9a2a elementor-section-boxed elementor-section-height-default elementor-section-height-default\" data-id=\"74a9a2a\" data-element_type=\"section\" data-e-type=\"section\">\n\t\t\t\t\t\t<div class=\"elementor-container elementor-column-gap-default\">\n\t\t\t\t\t<div class=\"elementor-column elementor-col-100 elementor-top-column elementor-element elementor-element-f33e757\" data-id=\"f33e757\" data-element_type=\"column\" data-e-type=\"column\">\n\t\t\t<div class=\"elementor-widget-wrap elementor-element-populated\">\n\t\t\t\t\t\t<div class=\"elementor-element elementor-element-bef91e8 elementor-widget elementor-widget-text-editor\" data-id=\"bef91e8\" data-element_type=\"widget\" data-e-type=\"widget\" data-widget_type=\"text-editor.default\">\n\t\t\t\t<div class=\"elementor-widget-container\">\n\t\t\t\t\t\t\t\t\t<p>COMMUNIQU\u00c9 DE PRESSE<span data-ccp-props=\"{&quot;201341983&quot;:0,&quot;335559739&quot;:200,&quot;335559740&quot;:276}\">&nbsp;<\/span><\/p>\n<p><\/p>\n<p><span data-contrast=\"auto\">Varik, le 2 mai 2022\u202f\u202f<\/span><span data-ccp-props=\"{&quot;134233117&quot;:true,&quot;134233118&quot;:true,&quot;201341983&quot;:0,&quot;335559740&quot;:240}\">&nbsp;<\/span><\/p>\n<p><\/p>\n<p><span data-contrast=\"auto\"><strong>\u2018Il est grand temps de mettre la Terre enti\u00e8re sur la liste du Patrimoine Mondial!\u202f<\/strong><\/span><span data-contrast=\"auto\">\u202f<\/span><span data-ccp-props=\"{&quot;134233117&quot;:true,&quot;134233118&quot;:true,&quot;201341983&quot;:0,&quot;335559740&quot;:240}\">&nbsp;<\/span><\/p>\n<p><\/p>\n<p><span data-contrast=\"auto\"><strong>Le 5 mai, Henry Mentink arrive sur sa Brou-randonn\u00e9e (Randonn\u00e9e avec Brouette) au si\u00e8ge de la Commission europ\u00e9ene \u00e0 Bruxelles<\/strong><\/span><span data-ccp-props=\"{&quot;134233117&quot;:true,&quot;134233118&quot;:true,&quot;201341983&quot;:0,&quot;335559740&quot;:240}\">&nbsp;<\/span><\/p>\n<p><span data-contrast=\"auto\"><strong>Remise du\u202f<\/strong>Manifeste Pour La Terre\u202fau cabinet de Frans Timmermans, vice-pr\u00e9sident de la Commission europ\u00e9enne: le 5 mai, 11h00,\u202flocation: le b\u00e2timent du Berlaymont,\u202fquartier g\u00e9n\u00e9ral de L\u2019Union europ\u00e9en<\/span><span data-ccp-props=\"{&quot;134233117&quot;:true,&quot;134233118&quot;:true,&quot;201341983&quot;:0,&quot;335559740&quot;:240}\">&nbsp;<\/span><\/p>\n<p><\/p>\n<p><span data-contrast=\"auto\"><strong>Extrait du Manifeste Pour la Terre:<\/strong><\/span><span data-contrast=\"auto\">\u202f<\/span>&nbsp;<br><span data-ccp-parastyle=\"Normal (Web)\">\u201c<\/span><span data-contrast=\"auto\">Nous voulons vous inspirer pour mettre en avant un autre \u00e9l\u00e9ment qui pourrait vous aider dans votre cheminement afin de prendre soin de la Terre. Nous vous demandons d&#8217;envisager l\u2019examen des effets de la possibilit\u00e9 de poss\u00e9der des terres. Nous ne pouvons pas poss\u00e9der l&#8217;air, chaque personne peut en utiliser gratuitement autant qu\u2019elle le souhaite. Vous n&#8217;avez pas \u00e0 payer pour cela. Que se passerait-il lorsque la terre serait une forme libre de propri\u00e9t\u00e9 et son fardeau financier?<\/span><span data-ccp-props=\"{&quot;134233117&quot;:true,&quot;134233118&quot;:true,&quot;201341983&quot;:0,&quot;335559740&quot;:240}\">&nbsp;<\/span><\/p>\n<p><span data-contrast=\"auto\">Actuellement, nous traitons la terre et la Terre M\u00e8re sans respect, traversant les fronti\u00e8res naturelles, bouleversant l&#8217;\u00e9quilibre dynamique. Si nous continuons \u00e0 faire de la sorte, on risque d\u2019avoir une escalade \u00e9chappant \u00e0 tout contr\u00f4le vers un nouvel \u00e9quilibre dans lequel nous, en tant qu&#8217;\u00eatres humains, ne pouvons pas survivre<\/span><span data-contrast=\"auto\">. La Terre est un syst\u00e8me sain et vivant, r\u00e9silient en raison de sa diversit\u00e9. Nous d\u00e9pendons de sa sant\u00e9 \u00e0 long terme<\/span><span data-contrast=\"auto\">.\u201d<\/span><span data-ccp-props=\"{&quot;134233117&quot;:true,&quot;134233118&quot;:true,&quot;201341983&quot;:0,&quot;335559740&quot;:240}\">&nbsp;<\/span><\/p>\n<p><\/p>\n<p><span data-contrast=\"auto\"><strong>P\u00e8lerinage Pour la Terre<\/strong><\/span>&nbsp;<br><span data-ccp-parastyle=\"Normal (Web)\">Le 22 april 2022, la Journ\u00e9e de la Terre, Henry Mentink a entam\u00e9 depuis son&nbsp; Veerhuis (Maison de passeur) \u00e0 Varik (en province de Gueldre au Pays-Bas) son aventure sp\u00e9ciale, sa Randonn\u00e9e avec sa Brouette: un P\u00e8lerinage Pour la Terre. En 45 jours, Henry parcourt avec sa Brouette pleine de sachets avec de la terre provenant de plus de 70 pays un trajet qui lui m\u00e8ne jusqu\u2019au quartier g\u00e9n\u00e9ral de l\u2019UNESCO \u00e0 Paris o\u00f9 le 5 juin 2022 la Terre enti\u00e8re sera mise sur la liste du Patrimoine Mondial.\u202f\u202f<\/span><span data-ccp-props=\"{&quot;134233117&quot;:true,&quot;134233118&quot;:true,&quot;201341983&quot;:0,&quot;335559740&quot;:240}\">&nbsp;<\/span><\/p>\n<p><span data-contrast=\"auto\">&#8220;Ce n&#8217;est pas possible du tout, mais c&#8217;est n\u00e9anmoins une bonne id\u00e9e&#8221;, d\u00e9clare le secr\u00e9taire g\u00e9n\u00e9ral de l&#8217;UNESCO Pays-Bas.&nbsp;<\/span><span data-ccp-props=\"{&quot;134233117&quot;:true,&quot;134233118&quot;:true,&quot;201341983&quot;:0,&quot;335559740&quot;:240}\">&nbsp;<\/span><\/p>\n<p><span data-contrast=\"auto\">Henry, et de plus en plus d&#8217;autres personnes inspir\u00e9es, prennent cela comme un bel encouragement.<\/span><span data-ccp-props=\"{&quot;134233117&quot;:true,&quot;134233118&quot;:true,&quot;201341983&quot;:0,&quot;335559740&quot;:240}\">&nbsp;<\/span><\/p>\n<p><\/p>\n<p><span data-contrast=\"auto\">En pr\u00e9paration, Henry a trac\u00e9 une ligne droite de Varik (au Pays-Bas) \u00e0 Paris. Il a d\u00e9couvert que tous les 10 kilom\u00e8tres il y a toutes sortes d&#8217;initiatives et de personnes qui prennent d\u00e9j\u00e0 soin les unes des autres et de la Terre. Beaucoup de ces initiatives soutiennent d\u00e9sormais ce P\u00e8lerinage pour la Terre. En cours de route, Henry visite de nombreux endroits diff\u00e9rents, qui ont tous une relation durable avec la Terre.<br>&nbsp;<\/span><\/p>\n<p><span data-contrast=\"auto\"><strong>Par co\u00efncidence, la ligne droite traverse \u00e9galement Bruxelles, o\u00f9 se trouve l&#8217;UE. Ici, Henry, avec un certain nombre d&#8217;organisations influentes&nbsp; de Belgique et des Pays-Bas partageant les m\u00eames id\u00e9es&nbsp; a rendez-vous avec le cabinet de Frans Timmermans, vice-pr\u00e9sident de la Commission europ\u00e9enne, pour introduire le sujet de la propri\u00e9t\u00e9 fonci\u00e8re dans le Green Deal. Ils remettront un Manifeste pour la Terre pour les inciter \u00e0 inclure la Terre en tant que \u00ab\u202fcommun\u202f\u00bb dans le Green Deal.<\/strong><\/span><span data-ccp-props=\"{&quot;134233117&quot;:true,&quot;134233118&quot;:true,&quot;201341983&quot;:0,&quot;335559740&quot;:240}\">&nbsp;<\/span><\/p>\n<p><span data-contrast=\"auto\">Chaque jour, Henry marche d\u00e9j\u00e0 en compagnie de beaucoup de personnes qui marchent avec lui, y compris de plus en plus de gens de la presse.<br>&nbsp;<\/span><\/p>\n<p><span data-contrast=\"auto\"><strong>Le 5 juin, le contenu de Brouette sera offert \u00e0 l&#8217;Unesco \u00e0 Paris.<\/strong><\/span><span data-ccp-props=\"{&quot;134233117&quot;:true,&quot;134233118&quot;:true,&quot;201341983&quot;:0,&quot;335559740&quot;:240}\">&nbsp;<\/span><\/p>\n<p><span data-contrast=\"auto\">La brouette a une charge sp\u00e9ciale qui ne cesse d\u2019augmenter quotidiennement. Des personnes de plus de 70 pays ont d\u00e9j\u00e0 envoy\u00e9 un sachet avec de la terre, un don et un v\u0153u pour la Terre \u00e0 Varik. Henry am\u00e8ne tous ces sachets et les voeux \u00e0 l&#8217;UNESCO \u00e0 Paris o\u00f9 il les offrira le 5 juin.<\/span><span data-ccp-props=\"{&quot;134233117&quot;:true,&quot;134233118&quot;:true,&quot;201341983&quot;:0,&quot;335559740&quot;:240}\">&nbsp;<\/span><\/p>\n<p><span data-contrast=\"auto\">D&#8217;autres contributions ainsi que des p\u00e8lerins marchant ensemble Pour la Terre sont les bienvenus!<\/span><span data-ccp-props=\"{&quot;134233117&quot;:true,&quot;134233118&quot;:true,&quot;201341983&quot;:0,&quot;335559740&quot;:240}\">&nbsp;<\/span><\/p>\n<p><strong style=\"color: var( --e-global-color-text ); font-family: var( --e-global-typography-primary-font-family ), Sans-serif; font-size: 1rem;\">Merci de contacter&nbsp;:<br><\/strong><span style=\"color: var( --e-global-color-text ); font-family: var( --e-global-typography-primary-font-family ), Sans-serif; font-size: 1rem; font-weight: var( --e-global-typography-primary-font-weight );\">Frans-Willem Deli\u00ebn&nbsp;<br><\/span><span style=\"color: var( --e-global-color-text ); font-family: var( --e-global-typography-primary-font-family ), Sans-serif; font-size: 1rem; font-weight: var( --e-global-typography-primary-font-weight );\">Tel.: +31 6 38 600 504&nbsp;<\/span><\/p>\n<p><a href=\"mailto:media@wheelbarrow-walk.com\">media@wheelbarrow-walk.com<\/a><\/p>\n<p>Pour l&#8217;&nbsp;information compl\u00e8te sur les 45 jours de ce P\u00e8lerinage Pour La Terre, sur les initiatives prises le long de la ligne droite ainsi que l&#8217;information concernant le dossier de presse, et encore plus, veuillez consulter:&nbsp;<\/p>\n<p><a href=\"https:\/\/wheelbarrow-walk.com\/en\/\">www.wheelbarrow-walk.com<\/a>&nbsp;<\/p>\t\t\t\t\t\t\t\t<\/div>\n\t\t\t\t<\/div>\n\t\t\t\t\t<\/div>\n\t\t<\/div>\n\t\t\t\t\t<\/div>\n\t\t<\/section>\n\t\t\t\t<section class=\"elementor-section elementor-top-section elementor-element elementor-element-4c5bc03 elementor-section-boxed elementor-section-height-default elementor-section-height-default\" data-id=\"4c5bc03\" data-element_type=\"section\" data-e-type=\"section\">\n\t\t\t\t\t\t<div class=\"elementor-container elementor-column-gap-default\">\n\t\t\t\t\t<div class=\"elementor-column elementor-col-100 elementor-top-column elementor-element elementor-element-51f40a1\" data-id=\"51f40a1\" data-element_type=\"column\" data-e-type=\"column\">\n\t\t\t<div class=\"elementor-widget-wrap elementor-element-populated\">\n\t\t\t\t\t\t<div class=\"elementor-element elementor-element-3e14684 elementor-widget elementor-widget-text-editor\" data-id=\"3e14684\" data-element_type=\"widget\" data-e-type=\"widget\" data-widget_type=\"text-editor.default\">\n\t\t\t\t<div class=\"elementor-widget-container\">\n\t\t\t\t\t\t\t\t\t<p>Lorem ipsum dolor sit amet, consectetur adipiscing elit. Ut elit tellus luctus nec ullamcorper mattis, pulvinar dapibus leo.<\/p>\t\t\t\t\t\t\t\t<\/div>\n\t\t\t\t<\/div>\n\t\t\t\t\t<\/div>\n\t\t<\/div>\n\t\t\t\t\t<\/div>\n\t\t<\/section>\n\t\t\t\t<\/div>","protected":false},"excerpt":{"rendered":"<p>COMMUNIQU\u00c9 DE PRESSE&nbsp; Varik, le 2 mai 2022\u202f\u202f&nbsp; \u2018Il est grand temps de mettre la Terre enti\u00e8re sur la liste du Patrimoine Mondial!\u202f\u202f&nbsp; Le 5 mai, Henry Mentink arrive sur sa Brou-randonn\u00e9e (Randonn\u00e9e avec Brouette) au si\u00e8ge de la Commission europ\u00e9ene \u00e0 Bruxelles&nbsp; Remise du\u202fManifeste Pour La Terre\u202fau cabinet de Frans Timmermans, vice-pr\u00e9sident de la [&hellip;]<\/p>\n","protected":false},"author":26,"featured_media":0,"parent":0,"menu_order":0,"comment_status":"closed","ping_status":"closed","template":"","meta":{"_glsr_average":0,"_glsr_ranking":0,"_glsr_reviews":0,"footnotes":""},"class_list":["post-22792","page","type-page","status-publish","hentry"],"_links":{"self":[{"href":"https:\/\/wheelbarrow-walk.com\/en\/wp-json\/wp\/v2\/pages\/22792","targetHints":{"allow":["GET"]}}],"collection":[{"href":"https:\/\/wheelbarrow-walk.com\/en\/wp-json\/wp\/v2\/pages"}],"about":[{"href":"https:\/\/wheelbarrow-walk.com\/en\/wp-json\/wp\/v2\/types\/page"}],"author":[{"embeddable":true,"href":"https:\/\/wheelbarrow-walk.com\/en\/wp-json\/wp\/v2\/users\/26"}],"replies":[{"embeddable":true,"href":"https:\/\/wheelbarrow-walk.com\/en\/wp-json\/wp\/v2\/comments?post=22792"}],"version-history":[{"count":10,"href":"https:\/\/wheelbarrow-walk.com\/en\/wp-json\/wp\/v2\/pages\/22792\/revisions"}],"predecessor-version":[{"id":24517,"href":"https:\/\/wheelbarrow-walk.com\/en\/wp-json\/wp\/v2\/pages\/22792\/revisions\/24517"}],"wp:attachment":[{"href":"https:\/\/wheelbarrow-walk.com\/en\/wp-json\/wp\/v2\/media?parent=22792"}],"curies":[{"name":"wp","href":"https:\/\/api.w.org\/{rel}","templated":true}]}}